{"id":29,"date":"2022-11-14T14:53:00","date_gmt":"2022-11-14T14:53:00","guid":{"rendered":"http:\/\/efop1824.maltai.hu\/?page_id=29"},"modified":"2023-11-30T13:42:22","modified_gmt":"2023-11-30T13:42:22","slug":"projekt-bemutatasa","status":"publish","type":"page","link":"https:\/\/efop1824.maltai.hu\/?page_id=29","title":{"rendered":"Projekt bemutat\u00e1sa"},"content":{"rendered":"\t\t<div data-elementor-type=\"wp-page\" data-elementor-id=\"29\" class=\"elementor elementor-29\">\n\t\t\t\t\t\t\t\t\t<section class=\"elementor-section elementor-top-section elementor-element elementor-element-1a519e9 elementor-section-boxed elementor-section-height-default elementor-section-height-default\" data-id=\"1a519e9\" data-element_type=\"section\">\n\t\t\t\t\t\t<div class=\"elementor-container elementor-column-gap-default\">\n\t\t\t\t\t<div class=\"elementor-column elementor-col-100 elementor-top-column elementor-element elementor-element-492e54c\" data-id=\"492e54c\" data-element_type=\"column\">\n\t\t\t<div class=\"elementor-widget-wrap elementor-element-populated\">\n\t\t\t\t\t\t\t\t<div class=\"elementor-element elementor-element-dd565e7 elementor-widget elementor-widget-text-editor\" data-id=\"dd565e7\" data-element_type=\"widget\" data-widget_type=\"text-editor.default\">\n\t\t\t\t<div class=\"elementor-widget-container\">\n\t\t\t<style>\/*! elementor - v3.7.8 - 02-10-2022 *\/\n.elementor-widget-text-editor.elementor-drop-cap-view-stacked .elementor-drop-cap{background-color:#818a91;color:#fff}.elementor-widget-text-editor.elementor-drop-cap-view-framed .elementor-drop-cap{color:#818a91;border:3px solid;background-color:transparent}.elementor-widget-text-editor:not(.elementor-drop-cap-view-default) .elementor-drop-cap{margin-top:8px}.elementor-widget-text-editor:not(.elementor-drop-cap-view-default) .elementor-drop-cap-letter{width:1em;height:1em}.elementor-widget-text-editor .elementor-drop-cap{float:left;text-align:center;line-height:1;font-size:50px}.elementor-widget-text-editor .elementor-drop-cap-letter{display:inline-block}<\/style>\t\t\t\t<section>\n<div>\n<div>\n<div>\n<h2>A PROJEKT BEMUTAT\u00c1SA<\/h2>\n<div>&nbsp;<\/div>\n<\/div>\n<\/div>\n<\/div>\n<\/section>\n<section>\n<div>\n<div>\n<div>\n<p>A kedvezm\u00e9nyezett neve: Magyar M\u00e1ltai Szeretetszolg\u00e1lat Egyes\u00fclet<br>A projekt c\u00edme: Naszlady Attila Eg\u00e9szs\u00e9gfejleszt\u00e9si Program &#8211; Hum\u00e1ner\u0151forr\u00e1s Fejleszt\u00e9s Komponens<br>A szerz\u0151d\u00f6tt t\u00e1mogat\u00e1s \u00f6sszege: 1 064 124 778 Ft<br>A t\u00e1mogat\u00e1s m\u00e9rt\u00e9ke (%-ban): 100%<br>A projekt fizikai befejez\u00e9s\u00e9nek tervezett d\u00e1tuma: 2023.12.31.<br>A projekt azonos\u00edt\u00f3 sz\u00e1ma: EFOP-1.8.24-22-2022-00002&nbsp;<\/p>\n<\/div>\n<\/div>\n<\/div>\n<\/section>\t\t\t\t\t\t<\/div>\n\t\t\t\t<\/div>\n\t\t\t\t\t<\/div>\n\t\t<\/div>\n\t\t\t\t\t\t\t<\/div>\n\t\t<\/section>\n\t\t\t\t<section class=\"elementor-section elementor-top-section elementor-element elementor-element-5bd09d8 elementor-section-boxed elementor-section-height-default elementor-section-height-default\" data-id=\"5bd09d8\" data-element_type=\"section\" data-settings=\"{&quot;background_background&quot;:&quot;classic&quot;}\">\n\t\t\t\t\t\t<div class=\"elementor-container elementor-column-gap-default\">\n\t\t\t\t\t<div class=\"elementor-column elementor-col-100 elementor-top-column elementor-element elementor-element-625c140\" data-id=\"625c140\" data-element_type=\"column\">\n\t\t\t<div class=\"elementor-widget-wrap elementor-element-populated\">\n\t\t\t\t\t\t\t\t<div class=\"elementor-element elementor-element-2c9b7c2 elementor-widget elementor-widget-text-editor\" data-id=\"2c9b7c2\" data-element_type=\"widget\" data-widget_type=\"text-editor.default\">\n\t\t\t\t<div class=\"elementor-widget-container\">\n\t\t\t\t\t\t\t<h2>.<\/h2>\t\t\t\t\t\t<\/div>\n\t\t\t\t<\/div>\n\t\t\t\t\t<\/div>\n\t\t<\/div>\n\t\t\t\t\t\t\t<\/div>\n\t\t<\/section>\n\t\t\t\t<section class=\"elementor-section elementor-top-section elementor-element elementor-element-5784a0a elementor-section-boxed elementor-section-height-default elementor-section-height-default\" data-id=\"5784a0a\" data-element_type=\"section\" data-settings=\"{&quot;background_background&quot;:&quot;classic&quot;}\">\n\t\t\t\t\t\t\t<div class=\"elementor-background-overlay\"><\/div>\n\t\t\t\t\t\t\t<div class=\"elementor-container elementor-column-gap-default\">\n\t\t\t\t\t<div class=\"elementor-column elementor-col-100 elementor-top-column elementor-element elementor-element-cbdb952\" data-id=\"cbdb952\" data-element_type=\"column\" data-settings=\"{&quot;background_background&quot;:&quot;classic&quot;}\">\n\t\t\t<div class=\"elementor-widget-wrap elementor-element-populated\">\n\t\t\t\t\t\t\t\t<div class=\"elementor-element elementor-element-f7f6316 elementor-widget elementor-widget-text-editor\" data-id=\"f7f6316\" data-element_type=\"widget\" data-widget_type=\"text-editor.default\">\n\t\t\t\t<div class=\"elementor-widget-container\">\n\t\t\t\t\t\t\t<h2>A c\u00e9lcsoport bemutat\u00e1sa<\/h2><div>\u00a0<\/div><h5>A 2019-ben elind\u00edtott \u201eFelz\u00e1rk\u00f3z\u00f3 telep\u00fcl\u00e9sek\u201d hossz\u00fa t\u00e1v\u00fa programj\u00e1nak f\u0151 c\u00e9lkit\u0171z\u00e9se a KSH-val egy\u00fcttm\u0171k\u00f6d\u00e9sben kiv\u00e1lasztott 300 legh\u00e1tr\u00e1nyosabb helyzet\u0171, javar\u00e9szt az orsz\u00e1g \u00e9szak-keleti, d\u00e9l-nyugati r\u00e9szein l\u00e9v\u0151 telep\u00fcl\u00e9s diagn\u00f3zis alap\u00fa felz\u00e1rk\u00f3ztat\u00e1sa, az ott \u00e9l\u0151k \u00e9s a helyi k\u00f6z\u00f6ss\u00e9gek \u00e9let\u00e9ben pozit\u00edv, el\u0151remutat\u00f3 v\u00e1ltoz\u00e1sok el\u0151id\u00e9z\u00e9se. A hossz\u00fat\u00e1v\u00fa program els\u0151 l\u00e9p\u00e9sek\u00e9nt 2019-ben 31 telep\u00fcl\u00e9sen indult el nemzeti forr\u00e1sb\u00f3l, \u00e9s 2020-ban tov\u00e1bbi 36 telep\u00fcl\u00e9sen kezd\u0151d\u00f6tt el a felz\u00e1rk\u00f3z\u00e1si int\u00e9zked\u00e9ssorozat. A 1057\/2021. (II. 19.) Korm. hat\u00e1rozat alapj\u00e1n 2021-ben tov\u00e1bbi 51 kistelep\u00fcl\u00e9sen folytat\u00f3dott a program, valamint kijel\u00f6l\u00e9sre ker\u00fclt a tov\u00e1bbi 182 bevonand\u00f3 kistelep\u00fcl\u00e9s is. A program folytat\u00e1sa fokozatos bevon\u00e1ssal a teljes 300-as telep\u00fcl\u00e9si k\u00f6rre tervezett.<\/h5><h5>A 300 telep\u00fcl\u00e9sen 312 ezer ember \u00e9l, \u00e9s csaknem 5000 gyerek sz\u00fcletik \u00e9vente, t\u00f6bbs\u00e9g\u00e9ben roma csal\u00e1dokba, kedvez\u0151tlen j\u00f6vedelmi viszonyok k\u00f6z\u00e9 (a gyerekek t\u00f6bb mint fele r\u00e9szes\u00fcl rendszeres gyermekv\u00e9delmi kedvezm\u00e9nyben). Az infrastruktur\u00e1lis adotts\u00e1gok elmaradottak, a szakemberhi\u00e1ny jelent\u0151s, \u00edgy a helyi lakoss\u00e1g (min\u0151s\u00e9gi) k\u00f6zszolg\u00e1ltat\u00e1sokhoz val\u00f3 hozz\u00e1f\u00e9r\u00e9se is akad\u00e1lyozott, pl. telep\u00fcl\u00e9sek t\u00f6bb mint egyharmad\u00e1n tal\u00e1lhat\u00f3 bet\u00f6ltetlen h\u00e1ziorvosi k\u00f6rzet.\u00a0<\/h5><h5>A telep\u00fcl\u00e9seken \u00e9l\u0151k javar\u00e9szt alacsony iskolai v\u00e9gzetts\u00e9g\u0171ek \u00e9s szakk\u00e9pzetlenek. A 8 \u00e1ltal\u00e1nos iskol\u00e1t el nem v\u00e9gzettek ar\u00e1nya az orsz\u00e1gos \u00e1tlag t\u00f6bb mint h\u00e1romszorosa (15,9%), az iskolai lemorzsol\u00f3d\u00e1s jelent\u0151s. T\u00f6bbnyire az egyetlen helyben tal\u00e1lhat\u00f3 elhelyezked\u00e9si lehet\u0151s\u00e9g a k\u00f6zfoglalkoztat\u00e1s, valamint a fekete-, illetve id\u00e9nymunk\u00e1k. Ezen falvakb\u00f3l a j\u00e1rv\u00e1nyt megel\u0151z\u0151 orsz\u00e1gos munkaer\u0151 hi\u00e1nyos id\u0151szakban is csak nagyon kev\u00e9s ember tudott bekapcsol\u00f3dni az els\u0151dleges munkaer\u0151 piaci fellend\u00fcl\u00e9sbe k\u00e9pes\u00edt\u00e9si, el\u00e9rhet\u0151s\u00e9gi \u00e9s a tart\u00f3s munkan\u00e9lk\u00fclis\u00e9gi helyzet\u00e9b\u0151l ad\u00f3d\u00f3 munkaszocializ\u00e1ci\u00f3s h\u00e1tr\u00e1nyai miatt. A falvakban jellemz\u0151ek a rendezetlen ingatlanviszonyok, a t\u00falzs\u00fafolt, komfort n\u00e9lk\u00fcli lak\u00e1sok, rossz higi\u00e9n\u00e9s viszonyok, a lakhat\u00e1si k\u00f6r\u00fclm\u00e9nyekb\u0151l ad\u00f3d\u00f3 fert\u0151z\u00e9sek, eg\u00e9szs\u00e9g\u00fcgyi probl\u00e9m\u00e1k, k\u00f6zm\u0171tartoz\u00e1sok. A komfort n\u00e9lk\u00fcli, sz\u00fcks\u00e9glak\u00e1sok ar\u00e1nya 23,7 %, ami az orsz\u00e1gos \u00e1tlag k\u00f6zel \u00f6tsz\u00f6r\u00f6se.<\/h5><h5>T\u00f6bb elemz\u00e9s r\u00e1mutatott, hogy a koronav\u00edrus j\u00e1rv\u00e1ny hat\u00e1sai a h\u00e1tr\u00e1nyos helyzet\u0171 r\u00e9tegeket nagyobb m\u00e9rt\u00e9kben s\u00fajtott\u00e1k. EU-szerte h\u00e1rom-hatszoros a legkiszolg\u00e1ltatottabb t\u00e1rsadalmi csoportok keresetcs\u00f6kken\u00e9se a magasabb kereset\u0171ekhez k\u00e9pest 2019-2020 k\u00f6z\u00f6tt (Eurostat). A munkaer\u0151 piacon s\u00e9r\u00fcl\u00e9kenyebb helyzetben l\u00e9v\u0151, alacsonyabb k\u00e9pzetts\u00e9g\u0171, v\u00e1rosokba ing\u00e1z\u00f3 munkav\u00e1llal\u00f3k k\u00f6nnyebben vesz\u00edtik el munk\u00e1jukat. A t\u00e1voktat\u00e1sba val\u00f3 hat\u00e9kony bekapcsol\u00f3d\u00e1s is korl\u00e1tozott e csoportok sz\u00e1m\u00e1ra, a legh\u00e1tr\u00e1nyosabb helyzet\u0171 telep\u00fcl\u00e9seken sokszor hi\u00e1nyos az internetes infrastrukt\u00fara, a csal\u00e1doknak nem \u00e1llnak rendelkez\u00e9s\u00e9re eszk\u00f6z\u00f6k \u00e9s az alacsonyan k\u00e9pzett sz\u00fcl\u0151k kev\u00e9sb\u00e9 tudj\u00e1k t\u00e1mogatni gyerekeiket a tanul\u00e1sban.\u00a0<\/h5><h5>A j\u00e1rv\u00e1ny hat\u00e1s\u00e1ra sok hivatali \u00fcgyint\u00e9z\u00e9s v\u00e1lt nehezebb\u00e9, a kistelep\u00fcl\u00e9sen \u00e9l\u0151, online vil\u00e1gban kev\u00e9sb\u00e9 j\u00e1ratos csoportok sz\u00e1m\u00e1ra az \u00fcgyint\u00e9z\u00e9s vagy alapvet\u0151 szolg\u00e1ltat\u00e1sokhoz val\u00f3 hozz\u00e1f\u00e9r\u00e9s (pl. eg\u00e9szs\u00e9g\u00fcgy ell\u00e1t\u00e1s) is nagyon neh\u00e9z lett. Jelen eg\u00e9szs\u00e9g\u00fcgyi program szorosan illeszkedik a FETE telep\u00fcl\u00e9sek \u00e1ltal\u00e1nos kih\u00edv\u00e1s\u00e1hoz \u00e9s c\u00e9lj\u00e1hoz, hogy a legh\u00e1tr\u00e1nyosabb helyzet\u0171 telep\u00fcl\u00e9seken \u00e9l\u0151k eg\u00e9szs\u00e9g\u00fcgyi kapacit\u00e1sok gyenges\u00e9geib\u0151l ered\u0151 nagyobb t\u00e1rsadalmi \u00e9s eg\u00e9szs\u00e9g\u00fcgyi kitetts\u00e9g cs\u00f6kkent\u00e9sre ker\u00fclj\u00f6n, a marginaliz\u00e1l\u00f3dott t\u00e1rsadalmi r\u00e9tegek rezilienci\u00e1ja n\u00f6vekedjen.\u00a0<\/h5>\t\t\t\t\t\t<\/div>\n\t\t\t\t<\/div>\n\t\t\t\t\t<\/div>\n\t\t<\/div>\n\t\t\t\t\t\t\t<\/div>\n\t\t<\/section>\n\t\t\t\t<section class=\"elementor-section elementor-top-section elementor-element elementor-element-bdcc31c elementor-section-boxed elementor-section-height-default elementor-section-height-default\" data-id=\"bdcc31c\" data-element_type=\"section\" data-settings=\"{&quot;background_background&quot;:&quot;classic&quot;}\">\n\t\t\t\t\t\t\t<div class=\"elementor-background-overlay\"><\/div>\n\t\t\t\t\t\t\t<div class=\"elementor-container elementor-column-gap-default\">\n\t\t\t\t\t<div class=\"elementor-column elementor-col-100 elementor-top-column elementor-element elementor-element-853fbfb\" data-id=\"853fbfb\" data-element_type=\"column\">\n\t\t\t<div class=\"elementor-widget-wrap elementor-element-populated\">\n\t\t\t\t\t\t\t\t<div class=\"elementor-element elementor-element-dc5f33d elementor-widget elementor-widget-text-editor\" data-id=\"dc5f33d\" data-element_type=\"widget\" data-widget_type=\"text-editor.default\">\n\t\t\t\t<div class=\"elementor-widget-container\">\n\t\t\t\t\t\t\t<h6>A projekt keret\u00e9ben megval\u00f3s\u00edtand\u00f3 tev\u00e9kenys\u00e9gek<\/h6>\t\t\t\t\t\t<\/div>\n\t\t\t\t<\/div>\n\t\t\t\t\t<\/div>\n\t\t<\/div>\n\t\t\t\t\t\t\t<\/div>\n\t\t<\/section>\n\t\t\t\t<section class=\"elementor-section elementor-top-section elementor-element elementor-element-020f767 elementor-section-boxed elementor-section-height-default elementor-section-height-default\" data-id=\"020f767\" data-element_type=\"section\" data-settings=\"{&quot;background_background&quot;:&quot;classic&quot;}\">\n\t\t\t\t\t\t\t<div class=\"elementor-background-overlay\"><\/div>\n\t\t\t\t\t\t\t<div class=\"elementor-container elementor-column-gap-default\">\n\t\t\t\t\t<div class=\"elementor-column elementor-col-100 elementor-top-column elementor-element elementor-element-9956186\" data-id=\"9956186\" data-element_type=\"column\">\n\t\t\t<div class=\"elementor-widget-wrap elementor-element-populated\">\n\t\t\t\t\t\t\t\t<div class=\"elementor-element elementor-element-4668910 elementor-widget elementor-widget-text-editor\" data-id=\"4668910\" data-element_type=\"widget\" data-widget_type=\"text-editor.default\">\n\t\t\t\t<div class=\"elementor-widget-container\">\n\t\t\t\t\t\t\t<h2>Mobil eg\u00e9szs\u00e9g\u00fcgyi ell\u00e1t\u00e1s szervez\u00e9se \u00e9s mobil eg\u00e9szs\u00e9g\u00fcgyi ell\u00e1t\u00e1s ny\u00fajt\u00e1sa Telemedicina szolg\u00e1ltat\u00e1s ny\u00fajt\u00e1s\u00e1val:<\/h2><div>\u00a0<\/div><p>A feladat c\u00e9lja a p\u00e1ciensek \u00e1llapotfelm\u00e9r\u00e9sre \u00e9s sz\u0171r\u0151vizsg\u00e1latok elv\u00e9gz\u00e9s\u00e9re. A program keret\u00e9ben a FETE telep\u00fcl\u00e9seken 12 mobil eg\u00e9szs\u00e9g\u00fcgyi k\u00f6zpont j\u00f6n l\u00e9tre, melyb\u0151l 8 darab \u00f6n\u00e1ll\u00f3 orvosi rendel\u0151k\u00e9nt \u00fczemel, 4 darab pedig olyan szem\u00e9lyg\u00e9pkocsi, amiben telep\u00fcl\u00e9sr\u0151l telep\u00fcl\u00e9sre sz\u00e1ll\u00edtjuk az orvosi rendel\u0151 felszerel\u00e9s\u00e9t \u00e9s szem\u00e9lyzet\u00e9t. Kiemelten a h\u00e1tr\u00e1nyos helyzet\u0171ekn\u00e9l \u00e9s az elmaradott t\u00e9rs\u00e9gekben c\u00e9l az eg\u00e9szs\u00e9gtudatoss\u00e1g n\u00f6vel\u00e9se, a sz\u0171r\u0151vizsg\u00e1latok elv\u00e9gz\u00e9se \u00e9s sz\u00fcks\u00e9g eset\u00e9n a betegek szakell\u00e1t\u00e1shoz val\u00f3 eljuttat\u00e1sa.<\/p><p>A programban az eg\u00e9szs\u00e9g\u00fcgyi szolg\u00e1ltat\u00e1s h\u00e1rom szintre \u00e9p\u00fcl, amelyek szorosan kapcsol\u00f3dnak egym\u00e1shoz a telemedicina ny\u00fajtotta lehet\u0151s\u00e9gekkel:<\/p><p>A p\u00e1cienssel szem\u00e9lyes kontaktusba egy megfelel\u0151 orvostechnikai eszk\u00f6z\u00f6k haszn\u00e1lat\u00e1ra kik\u00e9pzett, v\u00e9rv\u00e9telben j\u00e1rtas eg\u00e9szs\u00e9g\u00fcgyi asszisztens ker\u00fcl. A szakdolgoz\u00f3-p\u00e1ciens tal\u00e1lkoz\u00e1s helysz\u00edne a mobil rendel\u0151, illetve amennyiben el\u00e9rhet\u0151, az adott ter\u00fcleten l\u00e9v\u0151, szabad kapacit\u00e1ssal rendelkez\u0151, alapell\u00e1t\u00e1s sz\u00e1m\u00e1ra kialak\u00edtott rendel\u0151. A szakdolgoz\u00f3k \u00e1ltal elv\u00e9gzett eg\u00e9szs\u00e9g\u00fcgyi \u00e1llapotfelm\u00e9r\u00e9s alapj\u00e1n sz\u0171rj\u00fck a p\u00e1cienseket, az alapell\u00e1t\u00f3 orvosok szakmai t\u00e1mogat\u00e1sa mellett. A kisz\u0171rt p\u00e1ciensek a rizik\u00f3 besorol\u00e1suk ut\u00e1n ker\u00fclnek telemedicin\u00e1lis ell\u00e1t\u00e1sba.<\/p><p>Amennyiben a p\u00e1ciens \u00e1llapota ig\u00e9nyli, tov\u00e1bbi szakorvos bevon\u00e1sa megoldhat\u00f3 a telemedicina keret\u00e9ben szakorvosi szolg\u00e1ltat\u00e1s ig\u00e9nybev\u00e9tel\u00e9vel. A betegek esetlegesen tov\u00e1bbi szakell\u00e1t\u00f3ba\/k\u00f3rh\u00e1zba jut\u00e1s\u00e1nak megszervez\u00e9s\u00e9t, a helyi viszonyokat j\u00f3l ismer\u0151 region\u00e1lis eg\u00e9szs\u00e9gpont koordin\u00e1torok seg\u00edtik.<\/p><p>A Mobil Eg\u00e9szs\u00e9g\u00fcgyi K\u00f6zpontokban lehet\u0151s\u00e9g lesz helysz\u00edni v\u00e9rv\u00e9telre is, illetve bizonyos mint\u00e1k elemz\u00e9s\u00e9re is POCT eszk\u00f6z\u00f6k haszn\u00e1lat\u00e1val. Komplexebb v\u00e9rvizsg\u00e1lati ig\u00e9ny eset\u00e9n a mint\u00e1k sz\u00e1ll\u00edt\u00e1sa a laborba t\u00f6rt\u00e9nik, \u00e9s azok feldolgoz\u00e1sa, \u00e9rt\u00e9kel\u00e9se szint\u00e9n a bicskei k\u00f6zpontban ker\u00fcl megval\u00f3s\u00edt\u00e1sra.<\/p><p>A feladat c\u00e9lja 8 h\u00f3nap alatt (2023. m\u00e1rcius 1 \u2013 2023. okt\u00f3ber 31.) legal\u00e1bb 768 rendel\u00e9s (min. 2 \u00f3ra \/ rendel\u00e9s) megtart\u00e1sa. (A bicskei k\u00f6zpont kialak\u00edt\u00e1sa az EFOP-2.2.24-22 p\u00e1ly\u00e1zat r\u00e9sze.)<\/p>\t\t\t\t\t\t<\/div>\n\t\t\t\t<\/div>\n\t\t\t\t\t<\/div>\n\t\t<\/div>\n\t\t\t\t\t\t\t<\/div>\n\t\t<\/section>\n\t\t\t\t<section class=\"elementor-section elementor-top-section elementor-element elementor-element-119021d elementor-section-boxed elementor-section-height-default elementor-section-height-default\" data-id=\"119021d\" data-element_type=\"section\" data-settings=\"{&quot;background_background&quot;:&quot;classic&quot;}\">\n\t\t\t\t\t\t\t<div class=\"elementor-background-overlay\"><\/div>\n\t\t\t\t\t\t\t<div class=\"elementor-container elementor-column-gap-default\">\n\t\t\t\t\t<div class=\"elementor-column elementor-col-100 elementor-top-column elementor-element elementor-element-3e9613e\" data-id=\"3e9613e\" data-element_type=\"column\">\n\t\t\t<div class=\"elementor-widget-wrap elementor-element-populated\">\n\t\t\t\t\t\t\t\t<div class=\"elementor-element elementor-element-1fc31a8 elementor-widget elementor-widget-text-editor\" data-id=\"1fc31a8\" data-element_type=\"widget\" data-widget_type=\"text-editor.default\">\n\t\t\t\t<div class=\"elementor-widget-container\">\n\t\t\t\t\t\t\t<h2>Gyermekszem\u00e9szeti sz\u0171r\u0151vizsg\u00e1latok szervez\u00e9se \u00e9s sz\u0171r\u00e9si szolg\u00e1ltat\u00e1s ny\u00fajt\u00e1sa<\/h2>\n<div><br><\/div>\n<h5>A gyermekszem\u00e9szeti sz\u0171r\u00e9st kieg\u00e9sz\u00edtve elk\u00e9sz\u00fcl a szem\u00fcveg fel\u00edr\u00e1sa, gy\u00e1rt\u00e1sa, k\u00fcl\u00f6nb\u00f6z\u0151 l\u00e1t\u00e1ster\u00e1pi\u00e1k (pl. szemtapaszol\u00e1s). Sz\u00fcks\u00e9g eset\u00e9n a tov\u00e1bbi szem\u00e9sz szakorvosi vizsg\u00e1latok vagy a m\u0171t\u00e9tek is megszervez\u00e9sre ker\u00fcl. A fent megnevezett l\u00e1t\u00e1sprobl\u00e9m\u00e1k cs\u00f6kkent\u00e9s\u00e9n t\u00fal, a program hat\u00e1rozott c\u00e9lja, hogy Magyarorsz\u00e1g felz\u00e1rk\u00f3z\u00f3 telep\u00fcl\u00e9sein megteremtse a szem\u00fcveg visel\u00e9s kult\u00far\u00e1j\u00e1t. Haz\u00e1nkban \u00faj kezdem\u00e9nyez\u00e9sk\u00e9nt optometrista is bevon\u00e1sra ker\u00fcl a sz\u0171r\u00e9sek \u00e9s a vizsg\u00e1latok elv\u00e9gz\u00e9s\u00e9be.<\/h5><h5>A gyermekszem\u00e9szeti sz\u0171r\u00e9s k\u00e9t r\u00e9szb\u0151l \u00e1ll: az el\u0151sz\u0171r\u00e9sb\u0151l \u00e9s a komplex gyermekszem\u00e9szeti vizsg\u00e1latb\u00f3l.<\/h5><h5>Az el\u0151sz\u0171r\u00e9s sor\u00e1n fel kell m\u00e9rni a gyermek f\u00e9nyt\u00f6r\u00e9si hib\u00e1it (dioptria) m\u0171szeres m\u00e9r\u00e9ssel; l\u00e1t\u00e1s\u00e9less\u00e9g\u00e9t; k\u00e9tszemes egy\u00fcttl\u00e1t\u00e1s\u00e1t a LANG sztere\u00f3teszt seg\u00edts\u00e9g\u00e9vel; szem\u00e9nek akaratlan, ritmusos rezg\u00e9s\u00e9t, ide-oda mozg\u00e1s\u00e1t (nystagmus). Amennyiben elt\u00e9r\u00e9sek tal\u00e1lhat\u00f3k, a tov\u00e1bbi kivizsg\u00e1l\u00e1st az optometrista v\u00e9gzi el az erre alkalmas szem\u00e9szeti sz\u0171r\u0151buszon (\u00e1ltal\u00e1ban k\u00f6zvetlen\u00fcl az el\u0151sz\u0171r\u00e9s ut\u00e1n), ahol a sz\u0171r\u00e9s m\u00e1sodik r\u00e9sze zajlik.<\/h5><h5>A sz\u0171r\u00e9s r\u00e9sze a megfelel\u0151 keret kiv\u00e1laszt\u00e1sa \u00e9s illeszt\u00e9se, illetve azoknak a gyermekeknek, akiknek az optometrista tov\u00e1bbi szem\u00e9szorvosi vizsg\u00e1latot l\u00e1t indokoltnak, gyermekszem\u00e9sz orvosi konzult\u00e1ci\u00f3t k\u00f6vet\u0151en a region\u00e1lis orvosi vizsg\u00e1lat is megszervez\u00e9sre ker\u00fcl. A feladat c\u00e9lja 10 h\u00f3nap alatt (2023. janu\u00e1r 1 \u2013 okt\u00f3ber 31-ig) 8.000 gyermekszem\u00e9szeti sz\u0171r\u00e9s elv\u00e9gz\u00e9se. Jelen program keret\u00e9ben 2 szu\u030bro\u030bja\u0301rmu\u030b e\u0301s a hozza\u0301juk tartozo\u0301 ke\u0301pzett szeme\u0301lyzet ve\u0301gzi el a gyerekszeme\u0301szeti szu\u030bre\u0301seket.&nbsp;<\/h5><h5>Az egyik szu\u030bro\u030bja\u0301rmu\u030b rendelkeze\u0301sre a\u0301ll e\u0301s az EFOP- 1.4.5 projekt kerete\u0301ben 2022.12.31-ig ve\u0301gez szu\u030bre\u0301seket, ez 2023.01.01-to\u030bl jelen projekt kerete\u0301ben folytato\u0301dik. A ma\u0301sik szu\u030bro\u030bja\u0301rmu\u030b jelenleg a NNK a\u0301ltal mammogra\u0301fiai szu\u030bre\u0301sekre kialaki\u0301tott ja\u0301rmu\u030b, mely a projekt megvalo\u0301si\u0301ta\u0301sa sora\u0301n keru\u0308l a Magyar Ma\u0301ltai Szeretetszolga\u0301lat Egyesu\u0308let haszna\u0301lata\u0301ba minimum a projekt e\u0301s az 5 e\u0301ves fenntarta\u0301si ido\u030bszak teljes ido\u030btartama\u0301ra. A ke\u0301t szu\u030bro\u030bbusz e\u0301s szakmai szeme\u0301lyzete egyu\u0308ttesen 2023.01.01-to\u030bl ve\u0301gzik szeme\u0301szeti szu\u030bre\u0301si teve\u0301kenyse\u0301gu\u0308ket, \u00edgy a sz\u0171r\u00e9si szolg\u00e1ltat\u00e1s folyamatos a felz\u00e1rk\u00f3z\u00f3 telep\u00fcl\u00e9seken, viszont nincs id\u0151beni \u00e1tfed\u00e9s a szolg\u00e1ltat\u00e1s finansz\u00edroz\u00e1s\u00e1ban a k\u00e9t projekt (EFOP-1.4.5 \u00e9s EFOP-1.8.24-22 k\u00f6z\u00f6tt)<\/h5>\t\t\t\t\t\t<\/div>\n\t\t\t\t<\/div>\n\t\t\t\t\t<\/div>\n\t\t<\/div>\n\t\t\t\t\t\t\t<\/div>\n\t\t<\/section>\n\t\t\t\t<section class=\"elementor-section elementor-top-section elementor-element elementor-element-34a9ffb elementor-section-boxed elementor-section-height-default elementor-section-height-default\" data-id=\"34a9ffb\" data-element_type=\"section\">\n\t\t\t\t\t\t\t<div class=\"elementor-background-overlay\"><\/div>\n\t\t\t\t\t\t\t<div class=\"elementor-container elementor-column-gap-default\">\n\t\t\t\t\t<div class=\"elementor-column elementor-col-100 elementor-top-column elementor-element elementor-element-34ce68e\" data-id=\"34ce68e\" data-element_type=\"column\">\n\t\t\t<div class=\"elementor-widget-wrap elementor-element-populated\">\n\t\t\t\t\t\t\t\t<div class=\"elementor-element elementor-element-99b6eba elementor-widget elementor-widget-text-editor\" data-id=\"99b6eba\" data-element_type=\"widget\" data-widget_type=\"text-editor.default\">\n\t\t\t\t<div class=\"elementor-widget-container\">\n\t\t\t\t\t\t\t<h2>Eg\u00e9szs\u00e9gnevel\u0151 programok szervez\u00e9se<\/h2><div>\u00a0<\/div><p>Az eg\u00e9szs\u00e9gnevel\u0151 programok szervez\u00e9se a FETE telep\u00fcl\u00e9seken l\u00e9trehozott Eg\u00e9szs\u00e9gPontokon dolgoz\u00f3 eg\u00e9szs\u00e9g\u00fcgyi tev\u00e9kenys\u00e9get \u00e9s koordin\u00e1ci\u00f3t v\u00e9gz\u0151 munkat\u00e1rsak feladata. A projekt keret\u00e9ben 5 ilyen M\u00e1ltai Eg\u00e9szs\u00e9gPont l\u00e9trehoz\u00e1s\u00e1t tervezz\u00fck, melyek a FETE telep\u00fcl\u00e9sek Jelenl\u00e9t Pontjaival egy\u00fcttm\u0171k\u00f6dve seg\u00edtik a c\u00e9lcsoportot a megfelel\u0151 szolg\u00e1ltat\u00e1shoz val\u00f3 hozz\u00e1f\u00e9r\u00e9shez.<\/p><p>\u00a0<\/p><h2 style=\"font-style: normal;\">Szakmai szem\u00e9lyzet biztos\u00edt\u00e1sa<\/h2><div>\u00a0<\/div><div>A projekt c\u00e9lja tov\u00e1bb\u00e1 az EFOP-2.2.24-22 Felh\u00edv\u00e1s keret\u00e9ben l\u00e9trehozott laborat\u00f3rium \u00e9s bliszterk\u00f6zpont szakmai szem\u00e9lyzet\u00e9nek biztos\u00edt\u00e1sa.\u00a0<\/div><div>\u00a0<\/div><p>\u00a0<\/p>\t\t\t\t\t\t<\/div>\n\t\t\t\t<\/div>\n\t\t\t\t\t<\/div>\n\t\t<\/div>\n\t\t\t\t\t\t\t<\/div>\n\t\t<\/section>\n\t\t\t\t<section class=\"elementor-section elementor-top-section elementor-element elementor-element-05740ac elementor-section-boxed elementor-section-height-default elementor-section-height-default\" data-id=\"05740ac\" data-element_type=\"section\" data-settings=\"{&quot;background_background&quot;:&quot;classic&quot;}\">\n\t\t\t\t\t\t\t<div class=\"elementor-background-overlay\"><\/div>\n\t\t\t\t\t\t\t<div class=\"elementor-container elementor-column-gap-default\">\n\t\t\t\t\t<div class=\"elementor-column elementor-col-100 elementor-top-column elementor-element elementor-element-3cd45bb\" data-id=\"3cd45bb\" data-element_type=\"column\">\n\t\t\t<div class=\"elementor-widget-wrap elementor-element-populated\">\n\t\t\t\t\t\t\t\t<div class=\"elementor-element elementor-element-f52e219 elementor-widget elementor-widget-text-editor\" data-id=\"f52e219\" data-element_type=\"widget\" data-widget_type=\"text-editor.default\">\n\t\t\t\t<div class=\"elementor-widget-container\">\n\t\t\t\t\t\t\t<h6>k\u00f6telez\u0151en megval\u00f3s\u00edtand\u00f3, \u00f6n\u00e1ll\u00f3an nem t\u00e1mogathat\u00f3 tev\u00e9kenys\u00e9gek<\/h6>\t\t\t\t\t\t<\/div>\n\t\t\t\t<\/div>\n\t\t\t\t\t<\/div>\n\t\t<\/div>\n\t\t\t\t\t\t\t<\/div>\n\t\t<\/section>\n\t\t\t\t<section class=\"elementor-section elementor-top-section elementor-element elementor-element-824a481 elementor-section-boxed elementor-section-height-default elementor-section-height-default\" data-id=\"824a481\" data-element_type=\"section\" data-settings=\"{&quot;background_background&quot;:&quot;classic&quot;}\">\n\t\t\t\t\t\t\t<div class=\"elementor-background-overlay\"><\/div>\n\t\t\t\t\t\t\t<div class=\"elementor-container elementor-column-gap-default\">\n\t\t\t\t\t<div class=\"elementor-column elementor-col-100 elementor-top-column elementor-element elementor-element-ba44168\" data-id=\"ba44168\" data-element_type=\"column\">\n\t\t\t<div class=\"elementor-widget-wrap elementor-element-populated\">\n\t\t\t\t\t\t\t\t<div class=\"elementor-element elementor-element-318cc64 elementor-widget elementor-widget-text-editor\" data-id=\"318cc64\" data-element_type=\"widget\" data-widget_type=\"text-editor.default\">\n\t\t\t\t<div class=\"elementor-widget-container\">\n\t\t\t\t\t\t\t<h2>K\u00f6telez\u0151en megval\u00f3s\u00edtand\u00f3 tev\u00e9kenys\u00e9gek<\/h2>\n<div><br><\/div>\n<p><\/p>\n<h5>Az eg\u00e9szs\u00e9g\u00fcgyi sz\u0171r\u0151programok, a telemedicina \u00e9s gy\u00f3gyszerell\u00e1t\u00e1si rendszerek m\u0171k\u00f6dtet\u00e9s\u00e9ben eg\u00e9szs\u00e9g\u00fcgyi szakemberek feladatell\u00e1t\u00e1shoz sz\u00fcks\u00e9ges felk\u00e9sz\u00edt\u0151 k\u00e9pz\u00e9sek. A p\u00e1ly\u00e1z\u00f3 a projektben r\u00e9sztvev\u0151k sz\u00e1m\u00e1ra biztos\u00edtja a megfelel\u0151 k\u00e9pz\u00e9seket, illetve szervezett form\u00e1ban \u00e1tadja a rendelkez\u00e9sre \u00e1ll\u00f3 know-how-t \u00e9s best practice-okat. Prevenci\u00f3s programok szervez\u00e9se els\u0151seg\u00e9ly, betegs\u00e9gmegel\u0151z\u00e9s, otthon\u00e1pol\u00e1s t\u00e9m\u00e1ban.<\/h5>\n<h5><br>A feladat szorosan \u00f6sszekapcsol\u00f3dik a telemedicina eg\u00e9szs\u00e9gtudatoss\u00e1g-fejleszt\u0151 c\u00e9lj\u00e1val, \u00e9s a p\u00e1ly\u00e1z\u00f3 c\u00e9lja az ezekben rejl\u0151 szinergi\u00e1k maxim\u00e1lis kihaszn\u00e1l\u00e1sa. A feladat v\u00e9grehajt\u00e1sa sor\u00e1n 14 h\u00f3nap (2022. szeptember 1 \u2013 2023. okt\u00f3ber 31.) alatt min. 154 prevenci\u00f3s program (szakmai nap, oktat\u00e1s, el\u0151ad\u00e1s, bemutat\u00f3) ker\u00fcl megrendez\u00e9sre.<\/h5><div><br><\/div>\n<div><br><\/div>\t\t\t\t\t\t<\/div>\n\t\t\t\t<\/div>\n\t\t\t\t\t<\/div>\n\t\t<\/div>\n\t\t\t\t\t\t\t<\/div>\n\t\t<\/section>\n\t\t\t\t<section class=\"elementor-section elementor-top-section elementor-element elementor-element-9e3fb8c elementor-section-boxed elementor-section-height-default elementor-section-height-default\" data-id=\"9e3fb8c\" data-element_type=\"section\">\n\t\t\t\t\t\t<div class=\"elementor-container elementor-column-gap-default\">\n\t\t\t\t\t<div class=\"elementor-column elementor-col-100 elementor-top-column elementor-element elementor-element-66baf98\" data-id=\"66baf98\" data-element_type=\"column\">\n\t\t\t<div class=\"elementor-widget-wrap elementor-element-populated\">\n\t\t\t\t\t\t\t\t<div class=\"elementor-element elementor-element-8aa99f9 elementor-widget elementor-widget-text-editor\" data-id=\"8aa99f9\" data-element_type=\"widget\" data-widget_type=\"text-editor.default\">\n\t\t\t\t<div class=\"elementor-widget-container\">\n\t\t\t\t\t\t\t<h2>V\u00e1laszthat\u00f3, \u00f6n\u00e1ll\u00f3an nem t\u00e1mogathat\u00f3 tev\u00e9kenys\u00e9gek<\/h2>\n<p><\/p>\n<p>Mobil Eg\u00e9szs\u00e9g\u00fcgyi K\u00f6zpont \u00e9s a gy\u00f3gyszerell\u00e1t\u00e1s fejleszt\u00e9s\u00e9hez sz\u00fcks\u00e9ges m\u00f3dszertanok, ir\u00e1nyelvek, standardok kidolgoz\u00e1sa. Az ir\u00e1nyelvek \u00e9s standardok c\u00e9lja, hogy kialak\u00edtsa azokat a munkafolyamatokat, melyek seg\u00edts\u00e9g\u00e9vel a ki\u00e9p\u00edtett rendszer a leghat\u00e9konyabban m\u0171k\u00f6dtethet\u0151.<\/p>\n<p>A projekt sor\u00e1n 5 darab szakmai elj\u00e1r\u00e1srend-m\u0171k\u00f6d\u00e9si modell k\u00e9sz\u00fcl el: telemedicina, M\u00e1ltai Eg\u00e9szs\u00e9gPont, labor, bliszter, gyermekszem\u00e9szet. Az elk\u00e9sz\u00fclt m\u0171k\u00f6d\u00e9si modellek alapj\u00e1n ker\u00fclnek megszervez\u00e9sre a legal\u00e1bb 5 napos szakmai k\u00e9pz\u00e9sek minden, projektben dolgoz\u00f3 munkat\u00e1rs sz\u00e1m\u00e1ra. A k\u00e9pz\u00e9seket a projektben r\u00e9szt vev\u0151 koll\u00e9g\u00e1k tartj\u00e1k. 7 szakmai elj\u00e1r\u00e1srend ker\u00fcl kialak\u00edt\u00e1sra a telemedicin\u00e1lis rendel\u00e9sekre szabottan (5 feln\u0151tt ell\u00e1t\u00e1sra szabott \u00e9s 2 gyermekell\u00e1t\u00e1sra szabott). Elk\u00e9sz\u00fcl tov\u00e1bb\u00e1 a teljes ell\u00e1t\u00e1si folyamatra vonatkoz\u00f3 beteg\u00fat menedzsmentet le\u00edr\u00f3 elj\u00e1r\u00e1srend, a logisztikai, k\u00e9pz\u00e9si, adatkezel\u00e9si m\u0171k\u00f6d\u00e9si rend, melyek hat\u00e9konys\u00e1g\u00e1t \u00e9s m\u0171k\u00f6d\u0151k\u00e9pess\u00e9g\u00e9t a megval\u00f3s\u00edt\u00e1s alkalm\u00e1val folyamatosan vizsg\u00e1ljuk \u00e9s a projekt befejezt\u00e9vel v\u00e9gleges\u00edtj\u00fck.<\/p>\n<p><span style=\"font-style: inherit; font-weight: inherit; color: var( --e-global-color-text ); font-family: var( --e-global-typography-text-font-family ), Sans-serif; background-color: var(--ast-global-color-5);\">Eszk\u00f6zbeszerz\u00e9s keret\u00e9ben, egy\u00e9nre szabott szem\u00fcveglencse k\u00e9sz\u00edttet\u00e9se \u00e9s szem\u00fcvegkeret beszerz\u00e9se &#8211; kiv\u00e9telt k\u00e9peznek ez al\u00f3l a t\u00e1rsadalombiztos\u00edt\u00e1s \u00e1ltal t\u00e1mogatott gy\u00f3gy\u00e1szati seg\u00e9deszk\u00f6z\u00f6k \u00e9s orvostechnikai eszk\u00f6z\u00f6k.<\/span><\/p>\n<p>A pand\u00e9mia jelleg\u0171 megbeteged\u00e9sekkel, azok megel\u0151z\u00e9s\u00e9vel, illetve k\u00f6vetkezm\u00e9nyeik elh\u00e1r\u00edt\u00e1s\u00e1val kapcsolatos sz\u0171r\u00e9si \u00e9s olt\u00e1si tev\u00e9kenys\u00e9gek megval\u00f3s\u00edt\u00e1sa. Ismeretterjeszt\u0151 \u00e9s t\u00e1j\u00e9koztat\u00f3 kiadv\u00e1nyok k\u00e9sz\u00edt\u00e9se.<\/p><p><br><\/p>\t\t\t\t\t\t<\/div>\n\t\t\t\t<\/div>\n\t\t\t\t\t<\/div>\n\t\t<\/div>\n\t\t\t\t\t\t\t<\/div>\n\t\t<\/section>\n\t\t\t\t<section class=\"elementor-section elementor-top-section elementor-element elementor-element-1d7c463 elementor-section-boxed elementor-section-height-default elementor-section-height-default\" data-id=\"1d7c463\" data-element_type=\"section\" data-settings=\"{&quot;background_background&quot;:&quot;classic&quot;}\">\n\t\t\t\t\t\t\t<div class=\"elementor-background-overlay\"><\/div>\n\t\t\t\t\t\t\t<div class=\"elementor-container elementor-column-gap-default\">\n\t\t\t\t\t<div class=\"elementor-column elementor-col-100 elementor-top-column elementor-element elementor-element-69b6b95\" data-id=\"69b6b95\" data-element_type=\"column\">\n\t\t\t<div class=\"elementor-widget-wrap elementor-element-populated\">\n\t\t\t\t\t\t\t\t<div class=\"elementor-element elementor-element-ad7199b elementor-widget elementor-widget-text-editor\" data-id=\"ad7199b\" data-element_type=\"widget\" data-widget_type=\"text-editor.default\">\n\t\t\t\t<div class=\"elementor-widget-container\">\n\t\t\t\t\t\t\t<h6>M\u0171szaki-szakmai elv\u00e1r\u00e1soknak val\u00f3 megfelel\u00e9s<\/h6>\t\t\t\t\t\t<\/div>\n\t\t\t\t<\/div>\n\t\t\t\t\t<\/div>\n\t\t<\/div>\n\t\t\t\t\t\t\t<\/div>\n\t\t<\/section>\n\t\t\t\t<section class=\"elementor-section elementor-top-section elementor-element elementor-element-26c34ea elementor-section-boxed elementor-section-height-default elementor-section-height-default\" data-id=\"26c34ea\" data-element_type=\"section\" data-settings=\"{&quot;background_background&quot;:&quot;classic&quot;}\">\n\t\t\t\t\t\t<div class=\"elementor-container elementor-column-gap-default\">\n\t\t\t\t\t<div class=\"elementor-column elementor-col-100 elementor-top-column elementor-element elementor-element-58eb79f\" data-id=\"58eb79f\" data-element_type=\"column\">\n\t\t\t<div class=\"elementor-widget-wrap elementor-element-populated\">\n\t\t\t\t\t\t\t\t<div class=\"elementor-element elementor-element-db46974 elementor-widget elementor-widget-text-editor\" data-id=\"db46974\" data-element_type=\"widget\" data-widget_type=\"text-editor.default\">\n\t\t\t\t<div class=\"elementor-widget-container\">\n\t\t\t\t\t\t\t<h5>A projektgazda v\u00e1llalja a megval\u00f3s\u00edt\u00e1si ter\u00fcleten 8 mobil eg\u00e9szs\u00e9g\u00fcgyi k\u00f6zpont m\u0171k\u00f6dtet\u00e9s\u00e9t \u00e9s legal\u00e1bb 3000 f\u0151 ell\u00e1t\u00e1s\u00e1t. A szakmai szem\u00e9lyzet \u00e9s megval\u00f3s\u00edt\u00f3k alkalmaz\u00e1sa sor\u00e1n figyelemmel van a heti maximum 48 \u00f3r\u00e1s foglalkoztat\u00e1sra, a projekt hum\u00e1ner\u0151forr\u00e1s-terv\u00e9t ennek megfelel\u0151en k\u00e9sz\u00edtette el.<\/h5>\n<h5>A projektgazda v\u00e1llalja a megval\u00f3s\u00edt\u00e1si ter\u00fcleten 2 gyermekszem\u00e9szeti mobil sz\u0171r\u0151team m\u0171k\u00f6dtet\u00e9s\u00e9t \u00e9s legal\u00e1bb 2000 f\u0151 ell\u00e1t\u00e1s\u00e1t. A szakmai szem\u00e9lyzet \u00e9s megval\u00f3s\u00edt\u00f3k alkalmaz\u00e1sa sor\u00e1n figyelemmel van a heti maximum 48 \u00f3r\u00e1s foglalkoztat\u00e1sra, a projekt hum\u00e1ner\u0151forr\u00e1s-terv\u00e9t ennek megfelel\u0151en k\u00e9sz\u00edtette el.<\/h5>\n<h5>A 272\/2014. (XI. 5.) Korm. rendelet 110\/A. \u00a7 alapj\u00e1n a kedvezm\u00e9nyezett projektszint\u0171 elk\u00fcl\u00f6n\u00edtett sz\u00e1mviteli nyilv\u00e1ntart\u00e1st vezet, a projekttel kapcsolatos minden dokumentumot elk\u00fcl\u00f6n\u00edtetten tart nyilv\u00e1n \u00e9s legal\u00e1bb 2027. december 31-ig meg\u0151rzi azokat.<\/h5><div><br><\/div>\t\t\t\t\t\t<\/div>\n\t\t\t\t<\/div>\n\t\t\t\t\t<\/div>\n\t\t<\/div>\n\t\t\t\t\t\t\t<\/div>\n\t\t<\/section>\n\t\t\t\t\t\t\t<\/div>\n\t\t","protected":false},"excerpt":{"rendered":"<p>A PROJEKT BEMUTAT\u00c1SA &nbsp; A kedvezm\u00e9nyezett neve: Magyar M\u00e1ltai Szeretetszolg\u00e1lat Egyes\u00fcletA projekt c\u00edme: Naszlady Attila Eg\u00e9szs\u00e9gfejleszt\u00e9si Program &#8211; Hum\u00e1ner\u0151forr\u00e1s Fejleszt\u00e9s KomponensA szerz\u0151d\u00f6tt t\u00e1mogat\u00e1s \u00f6sszege: 1 064 124 778 FtA t\u00e1mogat\u00e1s m\u00e9rt\u00e9ke (%-ban): 100%A projekt fizikai befejez\u00e9s\u00e9nek tervezett d\u00e1tuma: 2023.12.31.A projekt azonos\u00edt\u00f3 sz\u00e1ma: EFOP-1.8.24-22-2022-00002&nbsp; . A c\u00e9lcsoport bemutat\u00e1sa \u00a0 A 2019-ben elind\u00edtott \u201eFelz\u00e1rk\u00f3z\u00f3 telep\u00fcl\u00e9sek\u201d hossz\u00fa t\u00e1v\u00fa &hellip;<\/p>\n<p class=\"read-more\"> <a class=\"\" href=\"https:\/\/efop1824.maltai.hu\/?page_id=29\"> <span class=\"screen-reader-text\">Projekt bemutat\u00e1sa<\/span> Read More &raquo;<\/a><\/p>\n","protected":false},"author":1,"featured_media":0,"parent":0,"menu_order":0,"comment_status":"closed","ping_status":"closed","template":"","meta":{"site-sidebar-layout":"no-sidebar","site-content-layout":"page-builder","ast-global-header-display":"","ast-main-header-display":"","ast-hfb-above-header-display":"","ast-hfb-below-header-display":"","ast-hfb-mobile-header-display":"","site-post-title":"disabled","ast-breadcrumbs-content":"","ast-featured-img":"disabled","footer-sml-layout":"","theme-transparent-header-meta":"","adv-header-id-meta":"","stick-header-meta":"","header-above-stick-meta":"","header-main-stick-meta":"","header-below-stick-meta":"","footnotes":""},"class_list":["post-29","page","type-page","status-publish","hentry"],"_links":{"self":[{"href":"https:\/\/efop1824.maltai.hu\/index.php?rest_route=\/wp\/v2\/pages\/29","targetHints":{"allow":["GET"]}}],"collection":[{"href":"https:\/\/efop1824.maltai.hu\/index.php?rest_route=\/wp\/v2\/pages"}],"about":[{"href":"https:\/\/efop1824.maltai.hu\/index.php?rest_route=\/wp\/v2\/types\/page"}],"author":[{"embeddable":true,"href":"https:\/\/efop1824.maltai.hu\/index.php?rest_route=\/wp\/v2\/users\/1"}],"replies":[{"embeddable":true,"href":"https:\/\/efop1824.maltai.hu\/index.php?rest_route=%2Fwp%2Fv2%2Fcomments&post=29"}],"version-history":[{"count":85,"href":"https:\/\/efop1824.maltai.hu\/index.php?rest_route=\/wp\/v2\/pages\/29\/revisions"}],"predecessor-version":[{"id":730,"href":"https:\/\/efop1824.maltai.hu\/index.php?rest_route=\/wp\/v2\/pages\/29\/revisions\/730"}],"wp:attachment":[{"href":"https:\/\/efop1824.maltai.hu\/index.php?rest_route=%2Fwp%2Fv2%2Fmedia&parent=29"}],"curies":[{"name":"wp","href":"https:\/\/api.w.org\/{rel}","templated":true}]}}